{"id":1322,"date":"2026-09-05T18:22:24","date_gmt":"2026-09-05T21:22:24","guid":{"rendered":"https:\/\/profetico.info\/igreja\/?post_type=docs&#038;p=1322"},"modified":"2026-09-05T19:45:46","modified_gmt":"2026-09-05T22:45:46","password":"","slug":"a-igreja-adventista-de-promessa-e-uma-igreja-de-deus-7o-dia","status":"publish","type":"docs","link":"https:\/\/profetico.info\/igreja\/documentos\/historia-da-igreja-de-deus\/a-igreja-adventista-de-promessa-e-uma-igreja-de-deus-7o-dia\/","title":{"rendered":"A Igreja Adventista da Promessa \u00e9 uma Igreja de Deus (7\u00ba Dia)?"},"content":{"rendered":"\n<p class=\"wp-block-paragraph\">Carta de ex-mission\u00e1rio da Igreja de Deus (7\u00ba Dia) fala da rela\u00e7\u00e3o da Igreja Adventista da Promessa com a Igreja de Deus (7\u00ba Dia) americana.<\/p>\n\n\n\n<p class=\"wp-block-paragraph\">No in\u00edcio dos anos 1990, houve um mal-estar entre a Igreja de Deus (7\u00ba Dia) e a Igreja Adventista da Promessa sobre a afilia\u00e7\u00e3o com a Igreja de Deus (7\u00ba Dia) dos EUA. Abaixo, um documento rar\u00edssimo sobre esta hist\u00f3ria. Trata-se de uma carta enviada pelo ex-mission\u00e1rio Geucimar Brilhador, que, nessa \u00e9poca, atuava como mission\u00e1rio da Igreja, ao saudoso pastor Manoel Galdino Soares.<\/p>\n\n\n\n<p class=\"wp-block-paragraph\">Al\u00e9m deste tema central, na carta podemos encontrar respostas para quest\u00f5es sobre a hist\u00f3ria da Igreja de Deus (7\u00ba Dia) aqui no Brasil, especialmente sobre a afilia\u00e7\u00e3o com a Igreja americana. Em meados dos anos 90, surgiu uma cis\u00e3o na Igreja do Brasil, e muitos debates ocorreram em raz\u00e3o de das ra\u00edzes hist\u00f3ricas, que envolviam a cren\u00e7a numa linhagem ininterrupta da Igreja desde os dias apost\u00f3licos.<\/p>\n\n\n\n<p class=\"wp-block-paragraph\">A carta \u00e9 uma prova de que a Igreja de Deus do Brasil estava ligada \u00e0 Igreja de Deus de Meridian, Idaho, e n\u00e3o \u00e0 Igreja de Deus de Denver, Colorado, a qual considera a Igreja Adventista da Promessa como sua representante aqui no Brasil. Tamb\u00e9m, vemos que em rela\u00e7\u00e3o ao M\u00e9xico, nossa liga\u00e7\u00e3o se deu com a Igreja cuja sede estava em Lago Managua, que posteriormente deixou de se chamar Igreja de Deus (7\u00ba Dia) para ser nomeada apenas com o nome Igreja de Deus. <\/p>\n\n\n\n<p class=\"wp-block-paragraph\">Importante, ainda notar a data da carta. Ela revela o quanto os primeiros l\u00edderes da Igreja de Deus no Brasil sabiam dessa hist\u00f3ria de linhagem, e, apesar das inconveni\u00eancias, hist\u00f3ricas continuaram defendendo veladamente a ideia.<\/p>\n\n\n\n<figure class=\"wp-block-image size-large\"><img fetchpriority=\"high\" decoding=\"async\" width=\"686\" height=\"1024\" src=\"https:\/\/profetico.info\/igreja\/wp-content\/uploads\/sites\/15\/2026\/09\/Carta-Geucimar-pg-1-1-686x1024.jpg\" alt=\"\" class=\"wp-image-1345\" srcset=\"https:\/\/profetico.info\/igreja\/wp-content\/uploads\/sites\/15\/2026\/09\/Carta-Geucimar-pg-1-1-686x1024.jpg 686w, https:\/\/profetico.info\/igreja\/wp-content\/uploads\/sites\/15\/2026\/09\/Carta-Geucimar-pg-1-1-201x300.jpg 201w, https:\/\/profetico.info\/igreja\/wp-content\/uploads\/sites\/15\/2026\/09\/Carta-Geucimar-pg-1-1-768x1146.jpg 768w, https:\/\/profetico.info\/igreja\/wp-content\/uploads\/sites\/15\/2026\/09\/Carta-Geucimar-pg-1-1-1372x2048.jpg 1372w, https:\/\/profetico.info\/igreja\/wp-content\/uploads\/sites\/15\/2026\/09\/Carta-Geucimar-pg-1-1-1029x1536.jpg 1029w, https:\/\/profetico.info\/igreja\/wp-content\/uploads\/sites\/15\/2026\/09\/Carta-Geucimar-pg-1-1-343x512.jpg 343w, https:\/\/profetico.info\/igreja\/wp-content\/uploads\/sites\/15\/2026\/09\/Carta-Geucimar-pg-1-1-scaled.jpg 1715w\" sizes=\"(max-width: 686px) 100vw, 686px\" \/><\/figure>\n\n\n\n<figure class=\"wp-block-image size-large\"><img decoding=\"async\" width=\"654\" height=\"1024\" src=\"https:\/\/profetico.info\/igreja\/wp-content\/uploads\/sites\/15\/2026\/09\/Carta-Geucimar-pg-2-1-654x1024.jpg\" alt=\"\" class=\"wp-image-1346\" srcset=\"https:\/\/profetico.info\/igreja\/wp-content\/uploads\/sites\/15\/2026\/09\/Carta-Geucimar-pg-2-1-654x1024.jpg 654w, https:\/\/profetico.info\/igreja\/wp-content\/uploads\/sites\/15\/2026\/09\/Carta-Geucimar-pg-2-1-192x300.jpg 192w, https:\/\/profetico.info\/igreja\/wp-content\/uploads\/sites\/15\/2026\/09\/Carta-Geucimar-pg-2-1-768x1202.jpg 768w, https:\/\/profetico.info\/igreja\/wp-content\/uploads\/sites\/15\/2026\/09\/Carta-Geucimar-pg-2-1-1308x2048.jpg 1308w, https:\/\/profetico.info\/igreja\/wp-content\/uploads\/sites\/15\/2026\/09\/Carta-Geucimar-pg-2-1-981x1536.jpg 981w, https:\/\/profetico.info\/igreja\/wp-content\/uploads\/sites\/15\/2026\/09\/Carta-Geucimar-pg-2-1-327x512.jpg 327w, https:\/\/profetico.info\/igreja\/wp-content\/uploads\/sites\/15\/2026\/09\/Carta-Geucimar-pg-2-1-scaled.jpg 1635w\" sizes=\"(max-width: 654px) 100vw, 654px\" \/><\/figure>\n\n\n\n<figure class=\"wp-block-image size-large\"><img decoding=\"async\" width=\"673\" height=\"1024\" src=\"https:\/\/profetico.info\/igreja\/wp-content\/uploads\/sites\/15\/2026\/09\/Carta-Geucimar-pg-3-1-673x1024.jpg\" alt=\"\" class=\"wp-image-1347\" srcset=\"https:\/\/profetico.info\/igreja\/wp-content\/uploads\/sites\/15\/2026\/09\/Carta-Geucimar-pg-3-1-673x1024.jpg 673w, https:\/\/profetico.info\/igreja\/wp-content\/uploads\/sites\/15\/2026\/09\/Carta-Geucimar-pg-3-1-197x300.jpg 197w, https:\/\/profetico.info\/igreja\/wp-content\/uploads\/sites\/15\/2026\/09\/Carta-Geucimar-pg-3-1-768x1168.jpg 768w, https:\/\/profetico.info\/igreja\/wp-content\/uploads\/sites\/15\/2026\/09\/Carta-Geucimar-pg-3-1-1009x1536.jpg 1009w, https:\/\/profetico.info\/igreja\/wp-content\/uploads\/sites\/15\/2026\/09\/Carta-Geucimar-pg-3-1-1346x2048.jpg 1346w, https:\/\/profetico.info\/igreja\/wp-content\/uploads\/sites\/15\/2026\/09\/Carta-Geucimar-pg-3-1-336x512.jpg 336w, https:\/\/profetico.info\/igreja\/wp-content\/uploads\/sites\/15\/2026\/09\/Carta-Geucimar-pg-3-1-scaled.jpg 1682w\" sizes=\"(max-width: 673px) 100vw, 673px\" \/><\/figure>\n\n\n\n<figure class=\"wp-block-image size-large\"><img loading=\"lazy\" decoding=\"async\" width=\"638\" height=\"1024\" src=\"https:\/\/profetico.info\/igreja\/wp-content\/uploads\/sites\/15\/2026\/09\/Carta-Geucimar-pg-4-1-638x1024.jpg\" alt=\"\" class=\"wp-image-1348\" srcset=\"https:\/\/profetico.info\/igreja\/wp-content\/uploads\/sites\/15\/2026\/09\/Carta-Geucimar-pg-4-1-638x1024.jpg 638w, https:\/\/profetico.info\/igreja\/wp-content\/uploads\/sites\/15\/2026\/09\/Carta-Geucimar-pg-4-1-187x300.jpg 187w, https:\/\/profetico.info\/igreja\/wp-content\/uploads\/sites\/15\/2026\/09\/Carta-Geucimar-pg-4-1-768x1232.jpg 768w, https:\/\/profetico.info\/igreja\/wp-content\/uploads\/sites\/15\/2026\/09\/Carta-Geucimar-pg-4-1-957x1536.jpg 957w, https:\/\/profetico.info\/igreja\/wp-content\/uploads\/sites\/15\/2026\/09\/Carta-Geucimar-pg-4-1-319x512.jpg 319w, https:\/\/profetico.info\/igreja\/wp-content\/uploads\/sites\/15\/2026\/09\/Carta-Geucimar-pg-4-1-1276x2048.jpg 1276w, https:\/\/profetico.info\/igreja\/wp-content\/uploads\/sites\/15\/2026\/09\/Carta-Geucimar-pg-4-1-scaled.jpg 1595w\" sizes=\"(max-width: 638px) 100vw, 638px\" \/><\/figure>\n","protected":false},"excerpt":{"rendered":"<p>Carta de ex-mission\u00e1rio da Igreja de Deus (7\u00ba Dia) fala da rela\u00e7\u00e3o da Igreja Adventista da Promessa com a Igreja [&hellip;]<\/p>\n","protected":false},"author":1,"featured_media":0,"comment_status":"open","ping_status":"closed","template":"","meta":{"_uag_custom_page_level_css":"","site-sidebar-layout":"default","site-content-layout":"","ast-site-content-layout":"default","site-content-style":"default","site-sidebar-style":"default","ast-global-header-display":"","ast-banner-title-visibility":"","ast-main-header-display":"","ast-hfb-above-header-display":"","ast-hfb-below-header-display":"","ast-hfb-mobile-header-display":"","site-post-title":"","ast-breadcrumbs-content":"","ast-featured-img":"","footer-sml-layout":"","ast-disable-related-posts":"","theme-transparent-header-meta":"","adv-header-id-meta":"","stick-header-meta":"","header-above-stick-meta":"","header-main-stick-meta":"","header-below-stick-meta":"","astra-migrate-meta-layouts":"default","ast-page-background-enabled":"default","ast-page-background-meta":{"desktop":{"background-color":"var(--ast-global-color-4)","background-image":"","background-repeat":"repeat","background-position":"center center","background-size":"auto","background-attachment":"scroll","background-type":"","background-media":"","overlay-type":"","overlay-color":"","overlay-opacity":"","overlay-gradient":""},"tablet":{"background-color":"","background-image":"","background-repeat":"repeat","background-position":"center center","background-size":"auto","background-attachment":"scroll","background-type":"","background-media":"","overlay-type":"","overlay-color":"","overlay-opacity":"","overlay-gradient":""},"mobile":{"background-color":"","background-image":"","background-repeat":"repeat","background-position":"center center","background-size":"auto","background-attachment":"scroll","background-type":"","background-media":"","overlay-type":"","overlay-color":"","overlay-opacity":"","overlay-gradient":""}},"ast-content-background-meta":{"desktop":{"background-color":"var(--ast-global-color-5)","background-image":"","background-repeat":"repeat","background-position":"center center","background-size":"auto","background-attachment":"scroll","background-type":"","background-media":"","overlay-type":"","overlay-color":"","overlay-opacity":"","overlay-gradient":""},"tablet":{"background-color":"var(--ast-global-color-5)","background-image":"","background-repeat":"repeat","background-position":"center center","background-size":"auto","background-attachment":"scroll","background-type":"","background-media":"","overlay-type":"","overlay-color":"","overlay-opacity":"","overlay-gradient":""},"mobile":{"background-color":"var(--ast-global-color-5)","background-image":"","background-repeat":"repeat","background-position":"center center","background-size":"auto","background-attachment":"scroll","background-type":"","background-media":"","overlay-type":"","overlay-color":"","overlay-opacity":"","overlay-gradient":""}},"footnotes":""},"doc_category":[35],"glossaries":[],"doc_tag":[58],"knowledge_base":[37],"class_list":["post-1322","docs","type-docs","status-publish","hentry","doc_category-historia","doc_tag-brasil","knowledge_base-historia-da-igreja-de-deus"],"year_month":"2026-09","word_count":291,"total_views":"24","reactions":{"happy":"0","normal":"0","sad":"0"},"author_info":{"name":"Reda\u00e7\u00e3o","author_nicename":"edybrilhador","author_url":"https:\/\/profetico.info\/igreja\/author\/edybrilhador\/"},"doc_category_info":[{"term_name":"Hist\u00f3ria","term_url":"https:\/\/profetico.info\/igreja\/docs-category\/historia\/"}],"doc_tag_info":[{"term_name":"Brasil","term_url":"https:\/\/profetico.info\/igreja\/docs-tag\/brasil\/"}],"yoast_head":"<!-- This site is optimized with the Yoast SEO plugin v28.4 - https:\/\/yoast.com\/product\/yoast-seo-wordpress\/ -->\n<title>A Igreja Adventista da Promessa \u00e9 uma Igreja de Deus (7\u00ba Dia)? - Igreja de Deus<\/title>\n<meta name=\"robots\" content=\"index, follow, max-snippet:-1, max-image-preview:large, max-video-preview:-1\" \/>\n<link rel=\"canonical\" href=\"https:\/\/profetico.info\/igreja\/documentos\/historia-da-igreja-de-deus\/a-igreja-adventista-de-promessa-e-uma-igreja-de-deus-7o-dia\/\" \/>\n<meta property=\"og:locale\" content=\"pt_BR\" \/>\n<meta property=\"og:type\" content=\"article\" \/>\n<meta property=\"og:title\" content=\"A Igreja Adventista da Promessa \u00e9 uma Igreja de Deus (7\u00ba Dia)? - Igreja de Deus\" \/>\n<meta property=\"og:description\" content=\"Carta de ex-mission\u00e1rio da Igreja de Deus (7\u00ba Dia) fala da rela\u00e7\u00e3o da Igreja Adventista da Promessa com a Igreja [&hellip;]\" \/>\n<meta property=\"og:url\" content=\"https:\/\/profetico.info\/igreja\/documentos\/historia-da-igreja-de-deus\/a-igreja-adventista-de-promessa-e-uma-igreja-de-deus-7o-dia\/\" \/>\n<meta property=\"og:site_name\" content=\"Igreja de Deus\" \/>\n<meta property=\"article:modified_time\" content=\"2026-09-05T22:45:46+00:00\" \/>\n<meta property=\"og:image\" content=\"https:\/\/profetico.info\/igreja\/wp-content\/uploads\/sites\/15\/2026\/09\/Carta-Geucimar-pg-1-1-scaled.jpg\" \/>\n\t<meta property=\"og:image:width\" content=\"1715\" \/>\n\t<meta property=\"og:image:height\" content=\"2560\" \/>\n\t<meta property=\"og:image:type\" content=\"image\/jpeg\" \/>\n<meta name=\"twitter:card\" content=\"summary_large_image\" \/>\n<meta name=\"twitter:label1\" content=\"Est. tempo de leitura\" \/>\n\t<meta name=\"twitter:data1\" content=\"3 minutos\" \/>\n<script type=\"application\/ld+json\" class=\"yoast-schema-graph\">{\"@context\":\"https:\\\/\\\/schema.org\",\"@graph\":[{\"@type\":\"WebPage\",\"@id\":\"https:\\\/\\\/profetico.info\\\/igreja\\\/documentos\\\/historia-da-igreja-de-deus\\\/a-igreja-adventista-de-promessa-e-uma-igreja-de-deus-7o-dia\\\/\",\"url\":\"https:\\\/\\\/profetico.info\\\/igreja\\\/documentos\\\/historia-da-igreja-de-deus\\\/a-igreja-adventista-de-promessa-e-uma-igreja-de-deus-7o-dia\\\/\",\"name\":\"A Igreja Adventista da Promessa \u00e9 uma Igreja de Deus (7\u00ba Dia)? - Igreja de Deus\",\"isPartOf\":{\"@id\":\"https:\\\/\\\/profetico.info\\\/igreja\\\/#website\"},\"primaryImageOfPage\":{\"@id\":\"https:\\\/\\\/profetico.info\\\/igreja\\\/documentos\\\/historia-da-igreja-de-deus\\\/a-igreja-adventista-de-promessa-e-uma-igreja-de-deus-7o-dia\\\/#primaryimage\"},\"image\":{\"@id\":\"https:\\\/\\\/profetico.info\\\/igreja\\\/documentos\\\/historia-da-igreja-de-deus\\\/a-igreja-adventista-de-promessa-e-uma-igreja-de-deus-7o-dia\\\/#primaryimage\"},\"thumbnailUrl\":\"https:\\\/\\\/profetico.info\\\/igreja\\\/wp-content\\\/uploads\\\/sites\\\/15\\\/2026\\\/09\\\/Carta-Geucimar-pg-1-1-686x1024.jpg\",\"datePublished\":\"2026-09-05T21:22:24+00:00\",\"dateModified\":\"2026-09-05T22:45:46+00:00\",\"breadcrumb\":{\"@id\":\"https:\\\/\\\/profetico.info\\\/igreja\\\/documentos\\\/historia-da-igreja-de-deus\\\/a-igreja-adventista-de-promessa-e-uma-igreja-de-deus-7o-dia\\\/#breadcrumb\"},\"inLanguage\":\"pt-BR\",\"potentialAction\":[{\"@type\":\"ReadAction\",\"target\":[\"https:\\\/\\\/profetico.info\\\/igreja\\\/documentos\\\/historia-da-igreja-de-deus\\\/a-igreja-adventista-de-promessa-e-uma-igreja-de-deus-7o-dia\\\/\"]}]},{\"@type\":\"ImageObject\",\"inLanguage\":\"pt-BR\",\"@id\":\"https:\\\/\\\/profetico.info\\\/igreja\\\/documentos\\\/historia-da-igreja-de-deus\\\/a-igreja-adventista-de-promessa-e-uma-igreja-de-deus-7o-dia\\\/#primaryimage\",\"url\":\"https:\\\/\\\/profetico.info\\\/igreja\\\/wp-content\\\/uploads\\\/sites\\\/15\\\/2026\\\/09\\\/Carta-Geucimar-pg-1-1-scaled.jpg\",\"contentUrl\":\"https:\\\/\\\/profetico.info\\\/igreja\\\/wp-content\\\/uploads\\\/sites\\\/15\\\/2026\\\/09\\\/Carta-Geucimar-pg-1-1-scaled.jpg\",\"width\":1715,\"height\":2560},{\"@type\":\"BreadcrumbList\",\"@id\":\"https:\\\/\\\/profetico.info\\\/igreja\\\/documentos\\\/historia-da-igreja-de-deus\\\/a-igreja-adventista-de-promessa-e-uma-igreja-de-deus-7o-dia\\\/#breadcrumb\",\"itemListElement\":[{\"@type\":\"ListItem\",\"position\":1,\"name\":\"In\u00edcio\",\"item\":\"https:\\\/\\\/profetico.info\\\/igreja\\\/documentos\\\/\"},{\"@type\":\"ListItem\",\"position\":2,\"name\":\"Documentos\",\"item\":\"https:\\\/\\\/profetico.info\\\/igreja\\\/igreja\\\/\"},{\"@type\":\"ListItem\",\"position\":3,\"name\":\"A Igreja Adventista da Promessa \u00e9 uma Igreja de Deus (7\u00ba Dia)?\"}]},{\"@type\":\"WebSite\",\"@id\":\"https:\\\/\\\/profetico.info\\\/igreja\\\/#website\",\"url\":\"https:\\\/\\\/profetico.info\\\/igreja\\\/\",\"name\":\"Igreja de Deus\",\"description\":\"\",\"potentialAction\":[{\"@type\":\"SearchAction\",\"target\":{\"@type\":\"EntryPoint\",\"urlTemplate\":\"https:\\\/\\\/profetico.info\\\/igreja\\\/?s={search_term_string}\"},\"query-input\":{\"@type\":\"PropertyValueSpecification\",\"valueRequired\":true,\"valueName\":\"search_term_string\"}}],\"inLanguage\":\"pt-BR\"}]}<\/script>\n<!-- \/ Yoast SEO plugin. -->","yoast_head_json":{"title":"A Igreja Adventista da Promessa \u00e9 uma Igreja de Deus (7\u00ba Dia)? - Igreja de Deus","robots":{"index":"index","follow":"follow","max-snippet":"max-snippet:-1","max-image-preview":"max-image-preview:large","max-video-preview":"max-video-preview:-1"},"canonical":"https:\/\/profetico.info\/igreja\/documentos\/historia-da-igreja-de-deus\/a-igreja-adventista-de-promessa-e-uma-igreja-de-deus-7o-dia\/","og_locale":"pt_BR","og_type":"article","og_title":"A Igreja Adventista da Promessa \u00e9 uma Igreja de Deus (7\u00ba Dia)? - Igreja de Deus","og_description":"Carta de ex-mission\u00e1rio da Igreja de Deus (7\u00ba Dia) fala da rela\u00e7\u00e3o da Igreja Adventista da Promessa com a Igreja [&hellip;]","og_url":"https:\/\/profetico.info\/igreja\/documentos\/historia-da-igreja-de-deus\/a-igreja-adventista-de-promessa-e-uma-igreja-de-deus-7o-dia\/","og_site_name":"Igreja de Deus","article_modified_time":"2026-09-05T22:45:46+00:00","og_image":[{"width":1715,"height":2560,"url":"https:\/\/profetico.info\/igreja\/wp-content\/uploads\/sites\/15\/2026\/09\/Carta-Geucimar-pg-1-1-scaled.jpg","type":"image\/jpeg"}],"twitter_card":"summary_large_image","twitter_misc":{"Est. tempo de leitura":"3 minutos"},"schema":{"@context":"https:\/\/schema.org","@graph":[{"@type":"WebPage","@id":"https:\/\/profetico.info\/igreja\/documentos\/historia-da-igreja-de-deus\/a-igreja-adventista-de-promessa-e-uma-igreja-de-deus-7o-dia\/","url":"https:\/\/profetico.info\/igreja\/documentos\/historia-da-igreja-de-deus\/a-igreja-adventista-de-promessa-e-uma-igreja-de-deus-7o-dia\/","name":"A Igreja Adventista da Promessa \u00e9 uma Igreja de Deus (7\u00ba Dia)? - Igreja de Deus","isPartOf":{"@id":"https:\/\/profetico.info\/igreja\/#website"},"primaryImageOfPage":{"@id":"https:\/\/profetico.info\/igreja\/documentos\/historia-da-igreja-de-deus\/a-igreja-adventista-de-promessa-e-uma-igreja-de-deus-7o-dia\/#primaryimage"},"image":{"@id":"https:\/\/profetico.info\/igreja\/documentos\/historia-da-igreja-de-deus\/a-igreja-adventista-de-promessa-e-uma-igreja-de-deus-7o-dia\/#primaryimage"},"thumbnailUrl":"https:\/\/profetico.info\/igreja\/wp-content\/uploads\/sites\/15\/2026\/09\/Carta-Geucimar-pg-1-1-686x1024.jpg","datePublished":"2026-09-05T21:22:24+00:00","dateModified":"2026-09-05T22:45:46+00:00","breadcrumb":{"@id":"https:\/\/profetico.info\/igreja\/documentos\/historia-da-igreja-de-deus\/a-igreja-adventista-de-promessa-e-uma-igreja-de-deus-7o-dia\/#breadcrumb"},"inLanguage":"pt-BR","potentialAction":[{"@type":"ReadAction","target":["https:\/\/profetico.info\/igreja\/documentos\/historia-da-igreja-de-deus\/a-igreja-adventista-de-promessa-e-uma-igreja-de-deus-7o-dia\/"]}]},{"@type":"ImageObject","inLanguage":"pt-BR","@id":"https:\/\/profetico.info\/igreja\/documentos\/historia-da-igreja-de-deus\/a-igreja-adventista-de-promessa-e-uma-igreja-de-deus-7o-dia\/#primaryimage","url":"https:\/\/profetico.info\/igreja\/wp-content\/uploads\/sites\/15\/2026\/09\/Carta-Geucimar-pg-1-1-scaled.jpg","contentUrl":"https:\/\/profetico.info\/igreja\/wp-content\/uploads\/sites\/15\/2026\/09\/Carta-Geucimar-pg-1-1-scaled.jpg","width":1715,"height":2560},{"@type":"BreadcrumbList","@id":"https:\/\/profetico.info\/igreja\/documentos\/historia-da-igreja-de-deus\/a-igreja-adventista-de-promessa-e-uma-igreja-de-deus-7o-dia\/#breadcrumb","itemListElement":[{"@type":"ListItem","position":1,"name":"In\u00edcio","item":"https:\/\/profetico.info\/igreja\/documentos\/"},{"@type":"ListItem","position":2,"name":"Documentos","item":"https:\/\/profetico.info\/igreja\/igreja\/"},{"@type":"ListItem","position":3,"name":"A Igreja Adventista da Promessa \u00e9 uma Igreja de Deus (7\u00ba Dia)?"}]},{"@type":"WebSite","@id":"https:\/\/profetico.info\/igreja\/#website","url":"https:\/\/profetico.info\/igreja\/","name":"Igreja de Deus","description":"","potentialAction":[{"@type":"SearchAction","target":{"@type":"EntryPoint","urlTemplate":"https:\/\/profetico.info\/igreja\/?s={search_term_string}"},"query-input":{"@type":"PropertyValueSpecification","valueRequired":true,"valueName":"search_term_string"}}],"inLanguage":"pt-BR"}]}},"uagb_featured_image_src":{"full":false,"thumbnail":false,"medium":false,"medium_large":false,"large":false,"1536x1536":false,"2048x2048":false,"betterdocs-category-thumb":false},"uagb_author_info":{"display_name":"Reda\u00e7\u00e3o","author_link":"https:\/\/profetico.info\/igreja\/author\/edybrilhador\/"},"uagb_comment_info":0,"uagb_excerpt":"Carta de ex-mission\u00e1rio da Igreja de Deus (7\u00ba Dia) fala da rela\u00e7\u00e3o da Igreja Adventista da Promessa com a Igreja [&hellip;]","_links":{"self":[{"href":"https:\/\/profetico.info\/igreja\/wp-json\/wp\/v2\/docs\/1322","targetHints":{"allow":["GET"]}}],"collection":[{"href":"https:\/\/profetico.info\/igreja\/wp-json\/wp\/v2\/docs"}],"about":[{"href":"https:\/\/profetico.info\/igreja\/wp-json\/wp\/v2\/types\/docs"}],"author":[{"embeddable":true,"href":"https:\/\/profetico.info\/igreja\/wp-json\/wp\/v2\/users\/1"}],"replies":[{"embeddable":true,"href":"https:\/\/profetico.info\/igreja\/wp-json\/wp\/v2\/comments?post=1322"}],"version-history":[{"count":10,"href":"https:\/\/profetico.info\/igreja\/wp-json\/wp\/v2\/docs\/1322\/revisions"}],"predecessor-version":[{"id":1351,"href":"https:\/\/profetico.info\/igreja\/wp-json\/wp\/v2\/docs\/1322\/revisions\/1351"}],"wp:attachment":[{"href":"https:\/\/profetico.info\/igreja\/wp-json\/wp\/v2\/media?parent=1322"}],"wp:term":[{"taxonomy":"doc_category","embeddable":true,"href":"https:\/\/profetico.info\/igreja\/wp-json\/wp\/v2\/doc_category?post=1322"},{"taxonomy":"glossaries","embeddable":true,"href":"https:\/\/profetico.info\/igreja\/wp-json\/wp\/v2\/glossaries?post=1322"},{"taxonomy":"doc_tag","embeddable":true,"href":"https:\/\/profetico.info\/igreja\/wp-json\/wp\/v2\/doc_tag?post=1322"},{"taxonomy":"knowledge_base","embeddable":true,"href":"https:\/\/profetico.info\/igreja\/wp-json\/wp\/v2\/knowledge_base?post=1322"}],"curies":[{"name":"wp","href":"https:\/\/api.w.org\/{rel}","templated":true}]}}